{"id":1665,"date":"2025-12-03T12:37:56","date_gmt":"2025-12-03T11:37:56","guid":{"rendered":"https:\/\/biloba.clickame.net\/?page_id=1665"},"modified":"2026-05-04T15:32:31","modified_gmt":"2026-05-04T13:32:31","slug":"blog-de-noticias-biloba-projectum","status":"publish","type":"page","link":"https:\/\/bilobaprojectum.com\/ca\/blog-de-noticias-biloba-projectum\/","title":{"rendered":"Blog de Noticias"},"content":{"rendered":"<div data-elementor-type=\"wp-page\" data-elementor-id=\"1665\" class=\"elementor elementor-1665\" data-elementor-post-type=\"page\">\n\t\t\t\t<div class=\"elementor-element elementor-element-7b3e32f e-flex e-con-boxed e-con e-parent\" data-id=\"7b3e32f\" data-element_type=\"container\" data-e-type=\"container\">\n\t\t\t\t\t<div class=\"e-con-inner\">\n\t\t<div class=\"elementor-element elementor-element-233f496 e-con-full e-flex e-con e-child\" data-id=\"233f496\" data-element_type=\"container\" data-e-type=\"container\">\n\t\t\t\t<div class=\"elementor-element elementor-element-8959a3a elementor-widget elementor-widget-heading\" data-id=\"8959a3a\" data-element_type=\"widget\" data-e-type=\"widget\" data-widget_type=\"heading.default\">\n\t\t\t\t\t<h4 class=\"elementor-heading-title elementor-size-default\">Blog de Noticias<\/h4>\t\t\t\t<\/div>\n\t\t\t\t<div class=\"elementor-element elementor-element-4284abd elementor-widget elementor-widget-heading\" data-id=\"4284abd\" data-element_type=\"widget\" data-e-type=\"widget\" data-widget_type=\"heading.default\">\n\t\t\t\t\t<h2 class=\"elementor-heading-title elementor-size-default\">Actualidad en construcci\u00f3n y  proyectos<\/h2>\t\t\t\t<\/div>\n\t\t\t\t<div class=\"elementor-element elementor-element-10a36aa elementor-widget-mobile__width-initial elementor-widget elementor-widget-text-editor\" data-id=\"10a36aa\" data-element_type=\"widget\" data-e-type=\"widget\" data-widget_type=\"text-editor.default\">\n\t\t\t\t\t\t\t\t\t<p><span style=\"color: #31312e; font-family: DM Sans, sans-serif;\">Conoce las \u00faltimas noticias sobre obras\u00a0 construidas\u00a0 y\u00a0 proyectos\u00a0 realizados\u00a0 por\u00a0<span style=\"font-weight: bolder; color: #0b7f3f;\">Biloba Projectu<\/span><\/span><span style=\"color: #31312e; font-family: DM Sans, sans-serif;\"><span style=\"font-weight: bolder; color: #0b7f3f;\">m<\/span><\/span><\/p>\t\t\t\t\t\t\t\t<\/div>\n\t\t\t\t<\/div>\n\t\t\t\t\t<\/div>\n\t\t\t\t<\/div>\n\t\t<div class=\"elementor-element elementor-element-1fcbbe1 e-flex e-con-boxed e-con e-parent\" data-id=\"1fcbbe1\" data-element_type=\"container\" data-e-type=\"container\">\n\t\t\t\t\t<div class=\"e-con-inner\">\n\t\t\t\t<div class=\"elementor-element elementor-element-fd1c9b8 elementor-grid-3 elementor-grid-tablet-2 elementor-grid-mobile-1 elementor-posts--thumbnail-top elementor-widget elementor-widget-posts\" data-id=\"fd1c9b8\" data-element_type=\"widget\" data-e-type=\"widget\" data-settings=\"{&quot;classic_columns&quot;:&quot;3&quot;,&quot;classic_columns_tablet&quot;:&quot;2&quot;,&quot;classic_columns_mobile&quot;:&quot;1&quot;,&quot;classic_row_gap&quot;:{&quot;unit&quot;:&quot;px&quot;,&quot;size&quot;:35,&quot;sizes&quot;:[]},&quot;classic_row_gap_tablet&quot;:{&quot;unit&quot;:&quot;px&quot;,&quot;size&quot;:&quot;&quot;,&quot;sizes&quot;:[]},&quot;classic_row_gap_mobile&quot;:{&quot;unit&quot;:&quot;px&quot;,&quot;size&quot;:&quot;&quot;,&quot;sizes&quot;:[]}}\" data-widget_type=\"posts.classic\">\n\t\t\t\t<div class=\"elementor-widget-container\">\n\t\t\t\t\t\t\t<div class=\"elementor-posts-container elementor-posts elementor-posts--skin-classic elementor-grid\" role=\"list\">\n\t\t\t\t<article class=\"elementor-post elementor-grid-item post-3150 noticia type-noticia status-publish has-post-thumbnail hentry\" role=\"listitem\">\n\t\t\t\t<a class=\"elementor-post__thumbnail__link\" href=\"https:\/\/bilobaprojectum.com\/ca\/noticia\/3150\/\" tabindex=\"-1\" >\n\t\t\t<div class=\"elementor-post__thumbnail\"><img fetchpriority=\"high\" decoding=\"async\" width=\"768\" height=\"512\" src=\"https:\/\/bilobaprojectum.com\/wp-content\/uploads\/2026\/08\/Obra-Sant-Bertomeu-Ajuntament-de-Barcelona-1-768x512.png\" class=\"attachment-medium_large size-medium_large wp-image-3151\" alt=\"Obra Sant Bertomeu-Ajuntament de Barcelona\" srcset=\"https:\/\/bilobaprojectum.com\/wp-content\/uploads\/2026\/08\/Obra-Sant-Bertomeu-Ajuntament-de-Barcelona-1-768x512.png 768w, https:\/\/bilobaprojectum.com\/wp-content\/uploads\/2026\/08\/Obra-Sant-Bertomeu-Ajuntament-de-Barcelona-1-300x200.png 300w, https:\/\/bilobaprojectum.com\/wp-content\/uploads\/2026\/08\/Obra-Sant-Bertomeu-Ajuntament-de-Barcelona-1-1024x683.png 1024w, https:\/\/bilobaprojectum.com\/wp-content\/uploads\/2026\/08\/Obra-Sant-Bertomeu-Ajuntament-de-Barcelona-1.png 1536w\" sizes=\"(max-width: 768px) 100vw, 768px\" \/><\/div>\n\t\t<\/a>\n\t\t\t\t<div class=\"elementor-post__text\">\n\t\t\t\t<h3 class=\"elementor-post__title\">\n\t\t\t<a href=\"https:\/\/bilobaprojectum.com\/ca\/noticia\/3150\/\" >\n\t\t\t\tBiloba inicia  las obras del espacio deportivo en Sant Bartomeu\t\t\t<\/a>\n\t\t<\/h3>\n\t\t\t\t<div class=\"elementor-post__meta-data\">\n\t\t\t\t\t<span class=\"elementor-post-date\">\n\t\t\t28 d'agost de 2026\t\t<\/span>\n\t\t\t\t<span class=\"elementor-post-avatar\">\n\t\t\tNo hi ha comentaris\t\t<\/span>\n\t\t\t\t<\/div>\n\t\t\t\t\t<div class=\"elementor-post__read-more-wrapper\">\n\t\t\n\t\t<a class=\"elementor-post__read-more\" href=\"https:\/\/bilobaprojectum.com\/ca\/noticia\/3150\/\" aria-label=\"Read more about Biloba inicia  las obras del espacio deportivo en Sant Bartomeu\" tabindex=\"-1\" >\n\t\t\tLeer m\u00e1s \u00bb\t\t<\/a>\n\n\t\t\t\t\t<\/div>\n\t\t\t\t<\/div>\n\t\t\t\t<\/article>\n\t\t\t\t<article class=\"elementor-post elementor-grid-item post-3090 noticia type-noticia status-publish has-post-thumbnail hentry\" role=\"listitem\">\n\t\t\t\t<a class=\"elementor-post__thumbnail__link\" href=\"https:\/\/bilobaprojectum.com\/ca\/noticia\/el-area-retail-de-biloba-construye-para-eroski\/\" tabindex=\"-1\" >\n\t\t\t<div class=\"elementor-post__thumbnail\"><img decoding=\"async\" width=\"148\" height=\"148\" src=\"https:\/\/bilobaprojectum.com\/wp-content\/uploads\/2026\/06\/descarga.png\" class=\"attachment-medium_large size-medium_large wp-image-3091\" alt=\"logo eroski\" \/><\/div>\n\t\t<\/a>\n\t\t\t\t<div class=\"elementor-post__text\">\n\t\t\t\t<h3 class=\"elementor-post__title\">\n\t\t\t<a href=\"https:\/\/bilobaprojectum.com\/ca\/noticia\/el-area-retail-de-biloba-construye-para-eroski\/\" >\n\t\t\t\tEl \u00e1rea retail de  Biloba construye para Eroski\t\t\t<\/a>\n\t\t<\/h3>\n\t\t\t\t<div class=\"elementor-post__meta-data\">\n\t\t\t\t\t<span class=\"elementor-post-date\">\n\t\t\t21 de juny de 2026\t\t<\/span>\n\t\t\t\t<span class=\"elementor-post-avatar\">\n\t\t\tNo hi ha comentaris\t\t<\/span>\n\t\t\t\t<\/div>\n\t\t\t\t\t<div class=\"elementor-post__read-more-wrapper\">\n\t\t\n\t\t<a class=\"elementor-post__read-more\" href=\"https:\/\/bilobaprojectum.com\/ca\/noticia\/el-area-retail-de-biloba-construye-para-eroski\/\" aria-label=\"Read more about El \u00e1rea retail de  Biloba construye para Eroski\" tabindex=\"-1\" >\n\t\t\tLeer m\u00e1s \u00bb\t\t<\/a>\n\n\t\t\t\t\t<\/div>\n\t\t\t\t<\/div>\n\t\t\t\t<\/article>\n\t\t\t\t<article class=\"elementor-post elementor-grid-item post-3085 noticia type-noticia status-publish has-post-thumbnail hentry\" role=\"listitem\">\n\t\t\t\t<a class=\"elementor-post__thumbnail__link\" href=\"https:\/\/bilobaprojectum.com\/ca\/noticia\/aperturas-retail-como-planificar-los-puntos-clave\/\" tabindex=\"-1\" >\n\t\t\t<div class=\"elementor-post__thumbnail\"><img decoding=\"async\" width=\"768\" height=\"1152\" src=\"https:\/\/bilobaprojectum.com\/wp-content\/uploads\/2026\/06\/Planificacion-de-Obra-Biloba-Projectum-768x1152.png\" class=\"attachment-medium_large size-medium_large wp-image-3093\" alt=\"Planificaci\u00f3n de Obra por Biloba Projectum\" srcset=\"https:\/\/bilobaprojectum.com\/wp-content\/uploads\/2026\/06\/Planificacion-de-Obra-Biloba-Projectum-768x1152.png 768w, https:\/\/bilobaprojectum.com\/wp-content\/uploads\/2026\/06\/Planificacion-de-Obra-Biloba-Projectum-200x300.png 200w, https:\/\/bilobaprojectum.com\/wp-content\/uploads\/2026\/06\/Planificacion-de-Obra-Biloba-Projectum-683x1024.png 683w, https:\/\/bilobaprojectum.com\/wp-content\/uploads\/2026\/06\/Planificacion-de-Obra-Biloba-Projectum.png 1024w\" sizes=\"(max-width: 768px) 100vw, 768px\" \/><\/div>\n\t\t<\/a>\n\t\t\t\t<div class=\"elementor-post__text\">\n\t\t\t\t<h3 class=\"elementor-post__title\">\n\t\t\t<a href=\"https:\/\/bilobaprojectum.com\/ca\/noticia\/aperturas-retail-como-planificar-los-puntos-clave\/\" >\n\t\t\t\tAperturas Retail : C\u00f3mo  planificar los puntos clave en Construcci\u00f3n\t\t\t<\/a>\n\t\t<\/h3>\n\t\t\t\t<div class=\"elementor-post__meta-data\">\n\t\t\t\t\t<span class=\"elementor-post-date\">\n\t\t\t1 de juny de 2026\t\t<\/span>\n\t\t\t\t<span class=\"elementor-post-avatar\">\n\t\t\tNo hi ha comentaris\t\t<\/span>\n\t\t\t\t<\/div>\n\t\t\t\t\t<div class=\"elementor-post__read-more-wrapper\">\n\t\t\n\t\t<a class=\"elementor-post__read-more\" href=\"https:\/\/bilobaprojectum.com\/ca\/noticia\/aperturas-retail-como-planificar-los-puntos-clave\/\" aria-label=\"Read more about Aperturas Retail : C\u00f3mo  planificar los puntos clave en Construcci\u00f3n\" tabindex=\"-1\" >\n\t\t\tLeer m\u00e1s \u00bb\t\t<\/a>\n\n\t\t\t\t\t<\/div>\n\t\t\t\t<\/div>\n\t\t\t\t<\/article>\n\t\t\t\t<article class=\"elementor-post elementor-grid-item post-3020 noticia type-noticia status-publish has-post-thumbnail hentry\" role=\"listitem\">\n\t\t\t\t<a class=\"elementor-post__thumbnail__link\" href=\"https:\/\/bilobaprojectum.com\/ca\/noticia\/espacios-retail-que-impulsan-marcas-diseno-construccion-y-expansion\/\" tabindex=\"-1\" >\n\t\t\t<div class=\"elementor-post__thumbnail\"><img loading=\"lazy\" decoding=\"async\" width=\"768\" height=\"768\" src=\"https:\/\/bilobaprojectum.com\/wp-content\/uploads\/2026\/05\/Contruccion-para-Retail-1-768x768.png\" class=\"attachment-medium_large size-medium_large wp-image-3024\" alt=\"Construcci\u00f3n de espacios de Moda\" srcset=\"https:\/\/bilobaprojectum.com\/wp-content\/uploads\/2026\/05\/Contruccion-para-Retail-1-768x768.png 768w, https:\/\/bilobaprojectum.com\/wp-content\/uploads\/2026\/05\/Contruccion-para-Retail-1-300x300.png 300w, https:\/\/bilobaprojectum.com\/wp-content\/uploads\/2026\/05\/Contruccion-para-Retail-1-1024x1024.png 1024w, https:\/\/bilobaprojectum.com\/wp-content\/uploads\/2026\/05\/Contruccion-para-Retail-1-150x150.png 150w, https:\/\/bilobaprojectum.com\/wp-content\/uploads\/2026\/05\/Contruccion-para-Retail-1.png 1254w\" sizes=\"(max-width: 768px) 100vw, 768px\" \/><\/div>\n\t\t<\/a>\n\t\t\t\t<div class=\"elementor-post__text\">\n\t\t\t\t<h3 class=\"elementor-post__title\">\n\t\t\t<a href=\"https:\/\/bilobaprojectum.com\/ca\/noticia\/espacios-retail-que-impulsan-marcas-diseno-construccion-y-expansion\/\" >\n\t\t\t\tEspacios Retail que impulsan marcas: dise\u00f1o, construcci\u00f3n y expansi\u00f3n\t\t\t<\/a>\n\t\t<\/h3>\n\t\t\t\t<div class=\"elementor-post__meta-data\">\n\t\t\t\t\t<span class=\"elementor-post-date\">\n\t\t\t16 de maig de 2026\t\t<\/span>\n\t\t\t\t<span class=\"elementor-post-avatar\">\n\t\t\tNo hi ha comentaris\t\t<\/span>\n\t\t\t\t<\/div>\n\t\t\t\t\t<div class=\"elementor-post__read-more-wrapper\">\n\t\t\n\t\t<a class=\"elementor-post__read-more\" href=\"https:\/\/bilobaprojectum.com\/ca\/noticia\/espacios-retail-que-impulsan-marcas-diseno-construccion-y-expansion\/\" aria-label=\"Read more about Espacios Retail que impulsan marcas: dise\u00f1o, construcci\u00f3n y expansi\u00f3n\" tabindex=\"-1\" >\n\t\t\tLeer m\u00e1s \u00bb\t\t<\/a>\n\n\t\t\t\t\t<\/div>\n\t\t\t\t<\/div>\n\t\t\t\t<\/article>\n\t\t\t\t<article class=\"elementor-post elementor-grid-item post-2838 noticia type-noticia status-publish has-post-thumbnail hentry\" role=\"listitem\">\n\t\t\t\t<a class=\"elementor-post__thumbnail__link\" href=\"https:\/\/bilobaprojectum.com\/ca\/noticia\/looking-for-a-construction-company-in-geneva\/\" tabindex=\"-1\" >\n\t\t\t<div class=\"elementor-post__thumbnail\"><img loading=\"lazy\" decoding=\"async\" width=\"768\" height=\"540\" src=\"https:\/\/bilobaprojectum.com\/wp-content\/uploads\/2025\/09\/exteriores-residencial-Construccion-alto-standing-Suiza-768x540.jpeg\" class=\"attachment-medium_large size-medium_large wp-image-1424\" alt=\"Reforma residencial\" srcset=\"https:\/\/bilobaprojectum.com\/wp-content\/uploads\/2025\/09\/exteriores-residencial-Construccion-alto-standing-Suiza-768x540.jpeg 768w, https:\/\/bilobaprojectum.com\/wp-content\/uploads\/2025\/09\/exteriores-residencial-Construccion-alto-standing-Suiza-300x211.jpeg 300w, https:\/\/bilobaprojectum.com\/wp-content\/uploads\/2025\/09\/exteriores-residencial-Construccion-alto-standing-Suiza-1024x720.jpeg 1024w, https:\/\/bilobaprojectum.com\/wp-content\/uploads\/2025\/09\/exteriores-residencial-Construccion-alto-standing-Suiza-1536x1080.jpeg 1536w, https:\/\/bilobaprojectum.com\/wp-content\/uploads\/2025\/09\/exteriores-residencial-Construccion-alto-standing-Suiza-18x12.jpeg 18w, https:\/\/bilobaprojectum.com\/wp-content\/uploads\/2025\/09\/exteriores-residencial-Construccion-alto-standing-Suiza.jpeg 1989w\" sizes=\"(max-width: 768px) 100vw, 768px\" \/><\/div>\n\t\t<\/a>\n\t\t\t\t<div class=\"elementor-post__text\">\n\t\t\t\t<h3 class=\"elementor-post__title\">\n\t\t\t<a href=\"https:\/\/bilobaprojectum.com\/ca\/noticia\/looking-for-a-construction-company-in-geneva\/\" >\n\t\t\t\tConstrucci\u00f3n Residencial Premium en Suiza\t\t\t<\/a>\n\t\t<\/h3>\n\t\t\t\t<div class=\"elementor-post__meta-data\">\n\t\t\t\t\t<span class=\"elementor-post-date\">\n\t\t\t4 de maig de 2026\t\t<\/span>\n\t\t\t\t<span class=\"elementor-post-avatar\">\n\t\t\tNo hi ha comentaris\t\t<\/span>\n\t\t\t\t<\/div>\n\t\t\t\t\t<div class=\"elementor-post__read-more-wrapper\">\n\t\t\n\t\t<a class=\"elementor-post__read-more\" href=\"https:\/\/bilobaprojectum.com\/ca\/noticia\/looking-for-a-construction-company-in-geneva\/\" aria-label=\"Read more about Construcci\u00f3n Residencial Premium en Suiza\" tabindex=\"-1\" >\n\t\t\tLeer m\u00e1s \u00bb\t\t<\/a>\n\n\t\t\t\t\t<\/div>\n\t\t\t\t<\/div>\n\t\t\t\t<\/article>\n\t\t\t\t<article class=\"elementor-post elementor-grid-item post-2832 noticia type-noticia status-publish has-post-thumbnail hentry\" role=\"listitem\">\n\t\t\t\t<a class=\"elementor-post__thumbnail__link\" href=\"https:\/\/bilobaprojectum.com\/ca\/noticia\/2832\/\" tabindex=\"-1\" >\n\t\t\t<div class=\"elementor-post__thumbnail\"><img loading=\"lazy\" decoding=\"async\" width=\"768\" height=\"512\" src=\"https:\/\/bilobaprojectum.com\/wp-content\/uploads\/2026\/04\/exterior-terraza-768x512.png\" class=\"attachment-medium_large size-medium_large wp-image-2834\" alt=\"Exterior con dise\u00f1o\" srcset=\"https:\/\/bilobaprojectum.com\/wp-content\/uploads\/2026\/04\/exterior-terraza-768x512.png 768w, https:\/\/bilobaprojectum.com\/wp-content\/uploads\/2026\/04\/exterior-terraza-300x200.png 300w, https:\/\/bilobaprojectum.com\/wp-content\/uploads\/2026\/04\/exterior-terraza-1024x683.png 1024w, https:\/\/bilobaprojectum.com\/wp-content\/uploads\/2026\/04\/exterior-terraza.png 1536w\" sizes=\"(max-width: 768px) 100vw, 768px\" \/><\/div>\n\t\t<\/a>\n\t\t\t\t<div class=\"elementor-post__text\">\n\t\t\t\t<h3 class=\"elementor-post__title\">\n\t\t\t<a href=\"https:\/\/bilobaprojectum.com\/ca\/noticia\/2832\/\" >\n\t\t\t\tConstrucci\u00f3n de alto standing para el exterior\t\t\t<\/a>\n\t\t<\/h3>\n\t\t\t\t<div class=\"elementor-post__meta-data\">\n\t\t\t\t\t<span class=\"elementor-post-date\">\n\t\t\t29 d'abril de 2026\t\t<\/span>\n\t\t\t\t<span class=\"elementor-post-avatar\">\n\t\t\tNo hi ha comentaris\t\t<\/span>\n\t\t\t\t<\/div>\n\t\t\t\t\t<div class=\"elementor-post__read-more-wrapper\">\n\t\t\n\t\t<a class=\"elementor-post__read-more\" href=\"https:\/\/bilobaprojectum.com\/ca\/noticia\/2832\/\" aria-label=\"Read more about Construcci\u00f3n de alto standing para el exterior\" tabindex=\"-1\" >\n\t\t\tLeer m\u00e1s \u00bb\t\t<\/a>\n\n\t\t\t\t\t<\/div>\n\t\t\t\t<\/div>\n\t\t\t\t<\/article>\n\t\t\t\t<article class=\"elementor-post elementor-grid-item post-2824 noticia type-noticia status-publish has-post-thumbnail hentry\" role=\"listitem\">\n\t\t\t\t<a class=\"elementor-post__thumbnail__link\" href=\"https:\/\/bilobaprojectum.com\/ca\/noticia\/obra-publica-en-el-circuito-de-catalunya\/\" tabindex=\"-1\" >\n\t\t\t<div class=\"elementor-post__thumbnail\"><img loading=\"lazy\" decoding=\"async\" width=\"768\" height=\"768\" src=\"https:\/\/bilobaprojectum.com\/wp-content\/uploads\/2026\/04\/Biloba-Projectum-Obra-Publica-Circuit-de-Catalunya--768x768.png\" class=\"attachment-medium_large size-medium_large wp-image-2825\" alt=\"Circuit de Catalunya\" srcset=\"https:\/\/bilobaprojectum.com\/wp-content\/uploads\/2026\/04\/Biloba-Projectum-Obra-Publica-Circuit-de-Catalunya--768x768.png 768w, https:\/\/bilobaprojectum.com\/wp-content\/uploads\/2026\/04\/Biloba-Projectum-Obra-Publica-Circuit-de-Catalunya--300x300.png 300w, https:\/\/bilobaprojectum.com\/wp-content\/uploads\/2026\/04\/Biloba-Projectum-Obra-Publica-Circuit-de-Catalunya--1024x1024.png 1024w, https:\/\/bilobaprojectum.com\/wp-content\/uploads\/2026\/04\/Biloba-Projectum-Obra-Publica-Circuit-de-Catalunya--150x150.png 150w, https:\/\/bilobaprojectum.com\/wp-content\/uploads\/2026\/04\/Biloba-Projectum-Obra-Publica-Circuit-de-Catalunya-.png 1200w\" sizes=\"(max-width: 768px) 100vw, 768px\" \/><\/div>\n\t\t<\/a>\n\t\t\t\t<div class=\"elementor-post__text\">\n\t\t\t\t<h3 class=\"elementor-post__title\">\n\t\t\t<a href=\"https:\/\/bilobaprojectum.com\/ca\/noticia\/obra-publica-en-el-circuito-de-catalunya\/\" >\n\t\t\t\tObra P\u00fablica en el Circuito  de Catalunya\t\t\t<\/a>\n\t\t<\/h3>\n\t\t\t\t<div class=\"elementor-post__meta-data\">\n\t\t\t\t\t<span class=\"elementor-post-date\">\n\t\t\t28 d'abril de 2026\t\t<\/span>\n\t\t\t\t<span class=\"elementor-post-avatar\">\n\t\t\tNo hi ha comentaris\t\t<\/span>\n\t\t\t\t<\/div>\n\t\t\t\t\t<div class=\"elementor-post__read-more-wrapper\">\n\t\t\n\t\t<a class=\"elementor-post__read-more\" href=\"https:\/\/bilobaprojectum.com\/ca\/noticia\/obra-publica-en-el-circuito-de-catalunya\/\" aria-label=\"Read more about Obra P\u00fablica en el Circuito  de Catalunya\" tabindex=\"-1\" >\n\t\t\tLeer m\u00e1s \u00bb\t\t<\/a>\n\n\t\t\t\t\t<\/div>\n\t\t\t\t<\/div>\n\t\t\t\t<\/article>\n\t\t\t\t<article class=\"elementor-post elementor-grid-item post-1481 noticia type-noticia status-publish has-post-thumbnail hentry\" role=\"listitem\">\n\t\t\t\t<a class=\"elementor-post__thumbnail__link\" href=\"https:\/\/bilobaprojectum.com\/ca\/noticia\/trabajo-en-equipo-progreso-en-marcha\/\" tabindex=\"-1\" >\n\t\t\t<div class=\"elementor-post__thumbnail\"><img loading=\"lazy\" decoding=\"async\" width=\"768\" height=\"1365\" src=\"https:\/\/bilobaprojectum.com\/wp-content\/uploads\/2026\/02\/equipo-tcnico-de-biloba-projectum-constructora-acr-768x1365.jpeg\" class=\"attachment-medium_large size-medium_large wp-image-2248\" alt=\"Equipo t\u00e9cnico de Biloba Projectum\" srcset=\"https:\/\/bilobaprojectum.com\/wp-content\/uploads\/2026\/02\/equipo-tcnico-de-biloba-projectum-constructora-acr-768x1365.jpeg 768w, https:\/\/bilobaprojectum.com\/wp-content\/uploads\/2026\/02\/equipo-tcnico-de-biloba-projectum-constructora-acr-169x300.jpeg 169w, https:\/\/bilobaprojectum.com\/wp-content\/uploads\/2026\/02\/equipo-tcnico-de-biloba-projectum-constructora-acr-576x1024.jpeg 576w, https:\/\/bilobaprojectum.com\/wp-content\/uploads\/2026\/02\/equipo-tcnico-de-biloba-projectum-constructora-acr.jpeg 810w\" sizes=\"(max-width: 768px) 100vw, 768px\" \/><\/div>\n\t\t<\/a>\n\t\t\t\t<div class=\"elementor-post__text\">\n\t\t\t\t<h3 class=\"elementor-post__title\">\n\t\t\t<a href=\"https:\/\/bilobaprojectum.com\/ca\/noticia\/trabajo-en-equipo-progreso-en-marcha\/\" >\n\t\t\t\tTrabajo en equipo, obras en marcha\t\t\t<\/a>\n\t\t<\/h3>\n\t\t\t\t<div class=\"elementor-post__meta-data\">\n\t\t\t\t\t<span class=\"elementor-post-date\">\n\t\t\t27 d'octubre de 2025\t\t<\/span>\n\t\t\t\t<span class=\"elementor-post-avatar\">\n\t\t\tNo hi ha comentaris\t\t<\/span>\n\t\t\t\t<\/div>\n\t\t\t\t\t<div class=\"elementor-post__read-more-wrapper\">\n\t\t\n\t\t<a class=\"elementor-post__read-more\" href=\"https:\/\/bilobaprojectum.com\/ca\/noticia\/trabajo-en-equipo-progreso-en-marcha\/\" aria-label=\"Read more about Trabajo en equipo, obras en marcha\" tabindex=\"-1\" >\n\t\t\tLeer m\u00e1s \u00bb\t\t<\/a>\n\n\t\t\t\t\t<\/div>\n\t\t\t\t<\/div>\n\t\t\t\t<\/article>\n\t\t\t\t<article class=\"elementor-post elementor-grid-item post-1477 noticia type-noticia status-publish has-post-thumbnail hentry\" role=\"listitem\">\n\t\t\t\t<a class=\"elementor-post__thumbnail__link\" href=\"https:\/\/bilobaprojectum.com\/ca\/noticia\/biloba-projectum-participa-en-la-feria-fis-de-franquicias-2025\/\" tabindex=\"-1\" >\n\t\t\t<div class=\"elementor-post__thumbnail\"><img loading=\"lazy\" decoding=\"async\" width=\"768\" height=\"550\" src=\"https:\/\/bilobaprojectum.com\/wp-content\/uploads\/2025\/10\/1000150906-768x550.jpg\" class=\"attachment-medium_large size-medium_large wp-image-1478\" alt=\"Feria FIS 2025\" srcset=\"https:\/\/bilobaprojectum.com\/wp-content\/uploads\/2025\/10\/1000150906-768x550.jpg 768w, https:\/\/bilobaprojectum.com\/wp-content\/uploads\/2025\/10\/1000150906-300x215.jpg 300w, https:\/\/bilobaprojectum.com\/wp-content\/uploads\/2025\/10\/1000150906-1024x734.jpg 1024w, https:\/\/bilobaprojectum.com\/wp-content\/uploads\/2025\/10\/1000150906-1536x1101.jpg 1536w, https:\/\/bilobaprojectum.com\/wp-content\/uploads\/2025\/10\/1000150906-18x12.jpg 18w, https:\/\/bilobaprojectum.com\/wp-content\/uploads\/2025\/10\/1000150906.jpg 1782w\" sizes=\"(max-width: 768px) 100vw, 768px\" \/><\/div>\n\t\t<\/a>\n\t\t\t\t<div class=\"elementor-post__text\">\n\t\t\t\t<h3 class=\"elementor-post__title\">\n\t\t\t<a href=\"https:\/\/bilobaprojectum.com\/ca\/noticia\/biloba-projectum-participa-en-la-feria-fis-de-franquicias-2025\/\" >\n\t\t\t\tBiloba Projectum participa en la Feria FIS de Franquicias 2025\t\t\t<\/a>\n\t\t<\/h3>\n\t\t\t\t<div class=\"elementor-post__meta-data\">\n\t\t\t\t\t<span class=\"elementor-post-date\">\n\t\t\t20 d'octubre de 2025\t\t<\/span>\n\t\t\t\t<span class=\"elementor-post-avatar\">\n\t\t\tNo hi ha comentaris\t\t<\/span>\n\t\t\t\t<\/div>\n\t\t\t\t\t<div class=\"elementor-post__read-more-wrapper\">\n\t\t\n\t\t<a class=\"elementor-post__read-more\" href=\"https:\/\/bilobaprojectum.com\/ca\/noticia\/biloba-projectum-participa-en-la-feria-fis-de-franquicias-2025\/\" aria-label=\"Read more about Biloba Projectum participa en la Feria FIS de Franquicias 2025\" tabindex=\"-1\" >\n\t\t\tLeer m\u00e1s \u00bb\t\t<\/a>\n\n\t\t\t\t\t<\/div>\n\t\t\t\t<\/div>\n\t\t\t\t<\/article>\n\t\t\t\t<article class=\"elementor-post elementor-grid-item post-1432 noticia type-noticia status-publish has-post-thumbnail hentry\" role=\"listitem\">\n\t\t\t\t<a class=\"elementor-post__thumbnail__link\" href=\"https:\/\/bilobaprojectum.com\/ca\/noticia\/reforma-de-locales-e-inmuebles\/\" tabindex=\"-1\" >\n\t\t\t<div class=\"elementor-post__thumbnail\"><img loading=\"lazy\" decoding=\"async\" width=\"704\" height=\"690\" src=\"https:\/\/bilobaprojectum.com\/wp-content\/uploads\/2025\/09\/reformar-para-revalorizar.png\" class=\"attachment-medium_large size-medium_large wp-image-1434\" alt=\"Reformar para revalorizar\" srcset=\"https:\/\/bilobaprojectum.com\/wp-content\/uploads\/2025\/09\/reformar-para-revalorizar.png 704w, https:\/\/bilobaprojectum.com\/wp-content\/uploads\/2025\/09\/reformar-para-revalorizar-300x294.png 300w, https:\/\/bilobaprojectum.com\/wp-content\/uploads\/2025\/09\/reformar-para-revalorizar-12x12.png 12w\" sizes=\"(max-width: 704px) 100vw, 704px\" \/><\/div>\n\t\t<\/a>\n\t\t\t\t<div class=\"elementor-post__text\">\n\t\t\t\t<h3 class=\"elementor-post__title\">\n\t\t\t<a href=\"https:\/\/bilobaprojectum.com\/ca\/noticia\/reforma-de-locales-e-inmuebles\/\" >\n\t\t\t\tC\u00f3mo aumentar el valor de tu propiedad con reformas\t\t\t<\/a>\n\t\t<\/h3>\n\t\t\t\t<div class=\"elementor-post__meta-data\">\n\t\t\t\t\t<span class=\"elementor-post-date\">\n\t\t\t23 de setembre de 2025\t\t<\/span>\n\t\t\t\t<span class=\"elementor-post-avatar\">\n\t\t\tNo hi ha comentaris\t\t<\/span>\n\t\t\t\t<\/div>\n\t\t\t\t\t<div class=\"elementor-post__read-more-wrapper\">\n\t\t\n\t\t<a class=\"elementor-post__read-more\" href=\"https:\/\/bilobaprojectum.com\/ca\/noticia\/reforma-de-locales-e-inmuebles\/\" aria-label=\"Read more about C\u00f3mo aumentar el valor de tu propiedad con reformas\" tabindex=\"-1\" >\n\t\t\tLeer m\u00e1s \u00bb\t\t<\/a>\n\n\t\t\t\t\t<\/div>\n\t\t\t\t<\/div>\n\t\t\t\t<\/article>\n\t\t\t\t<article class=\"elementor-post elementor-grid-item post-1417 noticia type-noticia status-publish has-post-thumbnail hentry\" role=\"listitem\">\n\t\t\t\t<a class=\"elementor-post__thumbnail__link\" href=\"https:\/\/bilobaprojectum.com\/ca\/noticia\/biloba-projectum-transformando-espacios-con-pasion-y-precision\/\" tabindex=\"-1\" >\n\t\t\t<div class=\"elementor-post__thumbnail\"><img loading=\"lazy\" decoding=\"async\" width=\"768\" height=\"768\" src=\"https:\/\/bilobaprojectum.com\/wp-content\/uploads\/2025\/08\/Construccion-espais-industriales-768x768.png\" class=\"attachment-medium_large size-medium_large wp-image-2829\" alt=\"Construcci\u00f3n espacios para empresas\" srcset=\"https:\/\/bilobaprojectum.com\/wp-content\/uploads\/2025\/08\/Construccion-espais-industriales-768x768.png 768w, https:\/\/bilobaprojectum.com\/wp-content\/uploads\/2025\/08\/Construccion-espais-industriales-300x300.png 300w, https:\/\/bilobaprojectum.com\/wp-content\/uploads\/2025\/08\/Construccion-espais-industriales-1024x1024.png 1024w, https:\/\/bilobaprojectum.com\/wp-content\/uploads\/2025\/08\/Construccion-espais-industriales-150x150.png 150w, https:\/\/bilobaprojectum.com\/wp-content\/uploads\/2025\/08\/Construccion-espais-industriales.png 1200w\" sizes=\"(max-width: 768px) 100vw, 768px\" \/><\/div>\n\t\t<\/a>\n\t\t\t\t<div class=\"elementor-post__text\">\n\t\t\t\t<h3 class=\"elementor-post__title\">\n\t\t\t<a href=\"https:\/\/bilobaprojectum.com\/ca\/noticia\/biloba-projectum-transformando-espacios-con-pasion-y-precision\/\" >\n\t\t\t\tCuando un espacio industrial se convierte en una ventaja competitiva\t\t\t<\/a>\n\t\t<\/h3>\n\t\t\t\t<div class=\"elementor-post__meta-data\">\n\t\t\t\t\t<span class=\"elementor-post-date\">\n\t\t\t26 d'agost de 2025\t\t<\/span>\n\t\t\t\t<span class=\"elementor-post-avatar\">\n\t\t\tNo hi ha comentaris\t\t<\/span>\n\t\t\t\t<\/div>\n\t\t\t\t\t<div class=\"elementor-post__read-more-wrapper\">\n\t\t\n\t\t<a class=\"elementor-post__read-more\" href=\"https:\/\/bilobaprojectum.com\/ca\/noticia\/biloba-projectum-transformando-espacios-con-pasion-y-precision\/\" aria-label=\"Read more about Cuando un espacio industrial se convierte en una ventaja competitiva\" tabindex=\"-1\" >\n\t\t\tLeer m\u00e1s \u00bb\t\t<\/a>\n\n\t\t\t\t\t<\/div>\n\t\t\t\t<\/div>\n\t\t\t\t<\/article>\n\t\t\t\t<article class=\"elementor-post elementor-grid-item post-1399 noticia type-noticia status-publish has-post-thumbnail hentry\" role=\"listitem\">\n\t\t\t\t<a class=\"elementor-post__thumbnail__link\" href=\"https:\/\/bilobaprojectum.com\/ca\/noticia\/construccion-y-reforma-de-espacios-comerciales-y-fitness\/\" tabindex=\"-1\" >\n\t\t\t<div class=\"elementor-post__thumbnail\"><img loading=\"lazy\" decoding=\"async\" width=\"768\" height=\"1023\" src=\"https:\/\/bilobaprojectum.com\/wp-content\/uploads\/2025\/08\/Inicio-de-Obras-Sinergym-Universitat-Terrassa-768x1023.jpeg\" class=\"attachment-medium_large size-medium_large wp-image-1400\" alt=\"Inicio de las Obras Synergym Universitat, Terrassa\" srcset=\"https:\/\/bilobaprojectum.com\/wp-content\/uploads\/2025\/08\/Inicio-de-Obras-Sinergym-Universitat-Terrassa-768x1023.jpeg 768w, https:\/\/bilobaprojectum.com\/wp-content\/uploads\/2025\/08\/Inicio-de-Obras-Sinergym-Universitat-Terrassa-225x300.jpeg 225w, https:\/\/bilobaprojectum.com\/wp-content\/uploads\/2025\/08\/Inicio-de-Obras-Sinergym-Universitat-Terrassa-9x12.jpeg 9w, https:\/\/bilobaprojectum.com\/wp-content\/uploads\/2025\/08\/Inicio-de-Obras-Sinergym-Universitat-Terrassa.jpeg 800w\" sizes=\"(max-width: 768px) 100vw, 768px\" \/><\/div>\n\t\t<\/a>\n\t\t\t\t<div class=\"elementor-post__text\">\n\t\t\t\t<h3 class=\"elementor-post__title\">\n\t\t\t<a href=\"https:\/\/bilobaprojectum.com\/ca\/noticia\/construccion-y-reforma-de-espacios-comerciales-y-fitness\/\" >\n\t\t\t\tConstrucci\u00f3n y reforma de espacios para fitness\t\t\t<\/a>\n\t\t<\/h3>\n\t\t\t\t<div class=\"elementor-post__meta-data\">\n\t\t\t\t\t<span class=\"elementor-post-date\">\n\t\t\t18 d'agost de 2025\t\t<\/span>\n\t\t\t\t<span class=\"elementor-post-avatar\">\n\t\t\tNo hi ha comentaris\t\t<\/span>\n\t\t\t\t<\/div>\n\t\t\t\t\t<div class=\"elementor-post__read-more-wrapper\">\n\t\t\n\t\t<a class=\"elementor-post__read-more\" href=\"https:\/\/bilobaprojectum.com\/ca\/noticia\/construccion-y-reforma-de-espacios-comerciales-y-fitness\/\" aria-label=\"Read more about Construcci\u00f3n y reforma de espacios para fitness\" tabindex=\"-1\" >\n\t\t\tLeer m\u00e1s \u00bb\t\t<\/a>\n\n\t\t\t\t\t<\/div>\n\t\t\t\t<\/div>\n\t\t\t\t<\/article>\n\t\t\t\t<\/div>\n\t\t\n\t\t\t\t\t\t<\/div>\n\t\t\t\t<\/div>\n\t\t\t\t\t<\/div>\n\t\t\t\t<\/div>\n\t\t\t\t<\/div>","protected":false},"excerpt":{"rendered":"<p>Blog de Noticias Actualidad en construcci\u00f3n y proyectos Conoce las \u00faltimas noticias sobre obras\u00a0 construidas\u00a0 y\u00a0 proyectos\u00a0 realizados\u00a0 por\u00a0Biloba Projectum<\/p>","protected":false},"author":5,"featured_media":0,"parent":0,"menu_order":0,"comment_status":"closed","ping_status":"closed","template":"elementor_header_footer","meta":{"_acf_changed":false,"footnotes":""},"class_list":["post-1665","page","type-page","status-publish","hentry"],"acf":[],"_links":{"self":[{"href":"https:\/\/bilobaprojectum.com\/ca\/wp-json\/wp\/v2\/pages\/1665","targetHints":{"allow":["GET"]}}],"collection":[{"href":"https:\/\/bilobaprojectum.com\/ca\/wp-json\/wp\/v2\/pages"}],"about":[{"href":"https:\/\/bilobaprojectum.com\/ca\/wp-json\/wp\/v2\/types\/page"}],"author":[{"embeddable":true,"href":"https:\/\/bilobaprojectum.com\/ca\/wp-json\/wp\/v2\/users\/5"}],"replies":[{"embeddable":true,"href":"https:\/\/bilobaprojectum.com\/ca\/wp-json\/wp\/v2\/comments?post=1665"}],"version-history":[{"count":35,"href":"https:\/\/bilobaprojectum.com\/ca\/wp-json\/wp\/v2\/pages\/1665\/revisions"}],"predecessor-version":[{"id":2852,"href":"https:\/\/bilobaprojectum.com\/ca\/wp-json\/wp\/v2\/pages\/1665\/revisions\/2852"}],"wp:attachment":[{"href":"https:\/\/bilobaprojectum.com\/ca\/wp-json\/wp\/v2\/media?parent=1665"}],"curies":[{"name":"wp","href":"https:\/\/api.w.org\/{rel}","templated":true}]}}